{"id":2417,"date":"2021-11-16T15:59:22","date_gmt":"2021-11-16T13:59:22","guid":{"rendered":"https:\/\/www.aemtia.com\/politica-de-privadesa\/"},"modified":"2022-07-14T15:33:43","modified_gmt":"2022-07-14T13:33:43","slug":"politica-de-privacidad","status":"publish","type":"page","link":"https:\/\/www.aemtia.com\/es\/politica-de-privacidad\/","title":{"rendered":"Pol\u00edtica de privacidad"},"content":{"rendered":"\n<h1 class=\"is-style-default wp-block-heading has-xxl-margin-top\">Pol\u00edtica de privacidad<\/h1>\n\n\n\n<p>De conformidad con lo establecido en la normativa vigente en Protecci\u00f3n de Datos de Car\u00e1cter Personal, le informamos que sus datos ser\u00e1n incorporados al sistema de tratamiento titularidad de AEMTIA ASSESSORS, S.L con CIF B55244206 y domicilio social sito en C\/BONASTRUC DE PORTA, 20 , 2\u00ba, 1\u00aa 17005, GIRONA, con la finalidad de atender sus consultas. En cumplimiento con la normativa vigente, AEMTIA ASSESSORS, S.L informa que los datos ser\u00e1n conservados durante el plazo estrictamente necesario para cumplir con los preceptos mencionados con anterioridad.<\/p>\n\n\n\n<p>Le informamos que trataremos sus datos conforme a la existencia de su consentimiento.<\/p>\n\n\n\n<p>AEMTIA ASSESSORS, S.L informa que proceder\u00e1 a tratar los datos de manera l\u00edcita, leal, transparente, adecuada, pertinente, limitada, exacta y actualizada. Es por ello que AEMTIA ASSESSORS, S.L se compromete a adoptar todas las medidas razonables para que estos se supriman o rectifiquen sin dilaci\u00f3n cuando sean inexactos.<\/p>\n\n\n\n<p>De acuerdo con los derechos que le confiere el la normativa vigente en protecci\u00f3n de datos podr\u00e1 ejercer los derechos de acceso, rectificaci\u00f3n, limitaci\u00f3n de tratamiento, supresi\u00f3n, portabilidad y oposici\u00f3n al tratamiento de sus datos de car\u00e1cter personal as\u00ed como del consentimiento prestado para el tratamiento de los mismos, dirigiendo su petici\u00f3n a la direcci\u00f3n postal indicada m\u00e1s arriba o al correo electr\u00f3nico&nbsp;<a href=\"mailto:info@aemtia.com\">info@aemtia.com.<\/a><\/p>\n\n\n\n<p>A su vez, le informamos que puede contactar con el Delegado de Protecci\u00f3n de Datos, dirigi\u00e9ndose por escrito a la direcci\u00f3n de correo&nbsp;<a href=\"mailto:dpd.cliente@conversia.es\">info@aemtia.com&nbsp;<\/a>o al tel\u00e9fono 972 29 83 53.<\/p>\n\n\n\n<p>Le informamos que podr\u00e1 revocar en cualquier momento el consentimiento prestado mandando un correo electr\u00f3nico a la direcci\u00f3n&nbsp;<a href=\"mailto:info@aemtia.com\">info@aemtia.com.<\/a><\/p>\n\n\n\n<p>Podr\u00e1 dirigirse a la Autoridad de Control competente para presentar la reclamaci\u00f3n que considere oportuna.<\/p>\n\n\n\n<p>El env\u00edo de estos datos implica la aceptaci\u00f3n de esta cl\u00e1usula.<\/p>\n\n\n\n<h2 class=\"is-style-default wp-block-heading\">Pol\u00edtica de privacidad redes sociales<\/h2>\n\n\n\n<p>De conformidad con lo establecido en la normativa vigente en Protecci\u00f3n de Datos de Car\u00e1cter Personal (RGPD) y la Ley 34\/2002, de 11 de julio, de Servicios de la Sociedad de la Informaci\u00f3n y de Comercio Electr\u00f3nico (LSSI-CE), AEMTIA ASSESSORS, S.L informa a los usuarios, que ha procedido a crear un perfil en las Redes Sociales Facebook, Twitter, Linkedin, con la finalidad principal de publicitar sus productos y servicios.<\/p>\n\n\n\n<p>Datos de AEMTIA ASSESSORS, S.L:<\/p>\n\n\n\n<ul class=\"wp-block-list\"><li>CIF: B55244206<\/li><li>DIRECCI\u00d3N: C\/BONASTRUC DE PORTA 20, 2\u00ba1\u00aa, 17005, GIRONA<\/li><li>TEL\u00c9FONO: 972 29 83 53<\/li><li>CORREO ELECTR\u00d3NICO:&nbsp;<a href=\"mailto:info@aemtia.com\">info@aemtia.com<\/a><\/li><li>DOMINIO WEB:&nbsp;<a href=\"https:\/\/www.aemtia.com\/\">www.aemtia.com<\/a><\/li><\/ul>\n\n\n\n<p>El usuario dispone de un perfil en la misma Red Social y ha decidido unirse a la p\u00e1gina creada por AEMTIA ASSESSORS, S.L, mostrando as\u00ed inter\u00e9s en la informaci\u00f3n que se publicite en la Red. Al unirse a nuestra p\u00e1gina, nos facilita su consentimiento para el tratamiento de aquellos datos personales publicados en su perfil.<\/p>\n\n\n\n<p>El usuario puede acceder en todo momento a las pol\u00edticas de privacidad de la propia Red Social, as\u00ed como configurar su perfil para garantizar su privacidad.<\/p>\n\n\n\n<p>AEMTIA ASSESSORS, S.L tiene acceso y trata aquella informaci\u00f3n p\u00fablica del usuario, en especial, su nombre de contacto. Estos datos, s\u00f3lo son utilizados dentro de la propia Red Social. No son incorporados a ning\u00fan sistema de tratamiento.<\/p>\n\n\n\n<p>En relaci\u00f3n a los derechos de acceso, rectificaci\u00f3n, limitaci\u00f3n de tratamiento, supresi\u00f3n, portabilidad y oposici\u00f3n al tratamiento de sus datos de car\u00e1cter personal, de los que usted dispone y que pueden ser ejercitados ante AEMTIA ASSESSORS, S.L, de acuerdo con el RGPD, debe tener en cuenta los siguientes matices:<\/p>\n\n\n\n<ul class=\"wp-block-list\"><li>Derecho de Acceso: Es el derecho del usuario a obtener informaci\u00f3n sobre sus datos concretos de car\u00e1cter personal y del tratamiento que se haya realizado o realice, as\u00ed como de la informaci\u00f3n disponible sobre el origen de dichos datos y las comunicaciones realizadas o previstas de los mismos.<\/li><li>Derecho de Rectificaci\u00f3n: Es el derecho del afectado a que se modifiquen los datos que resulten ser inexactos o incompletos. S\u00f3lo podr\u00e1 satisfacerse en relaci\u00f3n a aquella informaci\u00f3n que se encuentre bajo el control de AEMTIA ASSESSORS, S.L, por ejemplo, eliminar comentarios publicados en la propia p\u00e1gina, im\u00e1genes o contenidos web donde consten datos de car\u00e1cter personal del usuario.<\/li><li>Derecho a la Limitaci\u00f3n de tratamiento: Es el derecho a que se limiten los fines del tratamiento previstos de forma original por el responsable del tratamiento.<\/li><li>Derecho de Supresi\u00f3n: Es el derecho a suprimir los datos de car\u00e1cter personal del usuario, a excepci\u00f3n de lo previsto en el propio RGPD o en otras normativas aplicables que determinen la obligatoriedad de la conservaci\u00f3n de los mismos, en tiempo y forma.<\/li><li>Derecho de portabilidad: El derecho a recibir los datos personales que el usuario, haya facilitado, en un formato estructurado, de uso com\u00fan y lectura mec\u00e1nica, y a transmitirlos a otro responsable.<\/li><li>Derecho de Oposici\u00f3n: Es el derecho del usuario a que no se lleve a cabo el tratamiento de sus datos de car\u00e1cter personal o se cese el tratamiento de los mismos por parte de AEMTIA ASSESSORS, S.L.<\/li><\/ul>\n\n\n\n<p>AEMTIA ASSESSORS, S.L realizar\u00e1 las siguientes actuaciones:<\/p>\n\n\n\n<ul class=\"wp-block-list\"><li>Acceso a la informaci\u00f3n p\u00fablica del perfil.<\/li><li>Publicaci\u00f3n en el perfil del usuario de toda aquella informaci\u00f3n ya publicada en la p\u00e1gina de AEMTIA ASSESSORS, S.L.<\/li><li>Enviar mensajes personales e individuales a trav\u00e9s de los canales de la Red Social.<\/li><li>Actualizaciones del estado de la p\u00e1gina que se publicar\u00e1n en el perfil del usuario.<\/li><\/ul>\n\n\n\n<p>El usuario siempre puede controlar sus conexiones, eliminar los contenidos que dejen de interesarle y restringir con qui\u00e9n comparte sus conexiones, para ello deber\u00e1 acceder a su configuraci\u00f3n de privacidad.<\/p>\n\n\n\n<h3 class=\"wp-block-heading\"><strong>Publicaciones<\/strong><\/h3>\n\n\n\n<p>El usuario, una vez unido a la p\u00e1gina de AEMTIA ASSESSORS, S.L, podr\u00e1 publicar en \u00e9sta \u00faltima comentarios, enlaces, im\u00e1genes o fotograf\u00edas o cualquier otro tipo de contenido multimedia soportado por la Red Social. El usuario, en todos los casos, debe ser el titular de los mismos, gozar de los derechos de autor y de propiedad intelectual o contar con el consentimiento de los terceros afectados. Se proh\u00edbe expresamente cualquier publicaci\u00f3n en la p\u00e1gina, ya sean textos, gr\u00e1ficos, fotograf\u00edas, v\u00eddeos, etc. que atenten o sean susceptibles de atentar contra la moral, la \u00e9tica, el buen gusto o el decoro, y\/o que infrinjan, violen o quebranten los derechos de propiedad intelectual o industrial, el derecho a la imagen o la Ley. En estos casos, AEMTIA ASSESSORS, S.L se reserva el derecho a retirar de inmediato el contenido, pudiendo solicitar el bloqueo permanente del usuario.<\/p>\n\n\n\n<p>AEMTIA ASSESSORS, S.L no se har\u00e1 responsable de los contenidos que libremente ha publicado un usuario.<\/p>\n\n\n\n<p>El usuario debe tener presente que sus publicaciones ser\u00e1n conocidas por los otros usuarios, por lo que \u00e9l mismo es el principal responsable de su privacidad.<\/p>\n\n\n\n<p>Las im\u00e1genes que puedan publicarse en la p\u00e1gina no ser\u00e1n almacenadas en ning\u00fan sistema de tratamiento por parte de AEMTIA ASSESSORS, S.L, pero s\u00ed que permanecer\u00e1n en la Red Social.<\/p>\n\n\n\n<h3 class=\"wp-block-heading\"><strong>Concursos y promociones<\/strong><\/h3>\n\n\n\n<p>AEMTIA ASSESSORS, S.L se reserva el derecho a realizar concursos y promociones, en los que podr\u00e1 participar el usuario unido a su p\u00e1gina. Las bases de cada uno de ellos, cuando se utilice para ello la plataforma de la Red Social, ser\u00e1n publicadas en la misma. Cumpliendo siempre con la LSSI- CE y con cualquier otra norma que le sea de aplicaci\u00f3n.<\/p>\n\n\n\n<p>La Red Social no patrocina, avala ni administra, de modo alguno, ninguna de nuestras promociones, ni est\u00e1 asociada a ninguna de ellas.<\/p>\n\n\n\n<h3 class=\"wp-block-heading\"><strong>Publicidad<\/strong><\/h3>\n\n\n\n<p>AEMTIA ASSESSORS, S.L utilizar\u00e1 la Red Social para publicitar sus productos y servicios, en todo caso, si decide tratar sus datos de contacto para realizar acciones directas de prospecci\u00f3n comercial, ser\u00e1 siempre, cumpliendo con las exigencias legales del RGPD y de la LSSI-CE.<\/p>\n\n\n\n<p>No se considerar\u00e1 publicidad el hecho de recomendar a otros usuarios la p\u00e1gina de AEMTIA ASSESSORS, S.L para que tambi\u00e9n ellos puedan disfrutar de las promociones o estar informados de su actividad.<\/p>\n\n\n\n<p>A continuaci\u00f3n detallamos el enlace a la pol\u00edtica de privacidad de la Red Social:<\/p>\n\n\n\n<ul class=\"wp-block-list\"><li>Facebook:&nbsp;<a href=\"https:\/\/es-es.facebook.com\/privacy\/explanation\/\">https:\/\/es-es.facebook.com\/privacy\/explanation\/<\/a><\/li><li>Twitter:&nbsp;<a href=\"https:\/\/twitter.com\/privacy\">https:\/\/twitter.com\/privacy<\/a><\/li><li>Linkedin:&nbsp;<a href=\"http:\/\/www.linkedin.com\/legal\/privacy-policy?trk=hb_ft_priv\">http:\/\/www.linkedin.com\/legal\/privacy-policy?trk=hb_ft_priv<\/a><\/li><li>Instagram: <a rel=\"noreferrer noopener\" href=\"https:\/\/es-la.facebook.com\/help\/instagram\/155833707900388\" target=\"_blank\">https:\/\/es-la.facebook.com\/help\/instagram\/155833707900388<\/a> <\/li><\/ul>\n\n\n\n<h2 class=\"wp-block-heading\"><strong>Comunicaciones comerciales por v\u00eda electr\u00f3nica<\/strong><\/h2>\n\n\n\n<p>En cuanto al tratamiento de los datos, a trav\u00e9s de webs, para la realizaci\u00f3n de comunicaciones comerciales v\u00eda electr\u00f3nica se impone la aplicaci\u00f3n de la LSSICE (Ley 34\/2002, de 11 de julio, de Servicios de la Sociedad de la Informaci\u00f3n y de Comercio Electr\u00f3nico) recogida en los art\u00edculos 19 a 22. Esta normativa es de gran importancia ya que regula el env\u00edo de comunicaciones comerciales electr\u00f3nicas, siendo la AEPD (Agencia Espa\u00f1ola de Protecci\u00f3n de Datos) la entidad competente para sancionar los incumplimientos.<\/p>\n\n\n\n<p><strong>La LSSICE a todos los efectos proh\u00edbe el env\u00edo de comunicaciones publicitarias o promocionales por correo electr\u00f3nico u otro medio de comunicaci\u00f3n electr\u00f3nica equivalente sin haber sido previamente solicitado o expresamente autorizado por los destinatarios.<\/strong><\/p>\n\n\n\n<p>Por tanto, en el momento de la recogida de datos, ser\u00e1 necesario solicitar la aceptaci\u00f3n de un texto que informe de la finalidad comercial (as\u00ed como de cualquier otra que le sea aplicable) para la que se utilizar\u00e1n los datos.<\/p>\n\n\n\n<p>As\u00ed pues, se deber\u00e1 incluir un texto como \u00e9ste en el \u00abaviso legal\u00bb o en la \u00abpol\u00edtica de privacidad\u00bb del Sitio web:<\/p>\n\n\n\n<p>Al aceptar las presentes condiciones, t\u00e9rminos y pol\u00edticas y, en especial, al enviar al usuario sus datos de car\u00e1cter personal a AEMTIA ASSESSORS, SL, \u00e9ste consiente expresamente que AEMTIA ASSESSORS, SL realice las siguientes actividades y\/o acciones, salvo que indique lo contrario a la hora de contratar o suscribir cualquier producto y\/o servicio de AEMTIA ASSESSORS, SL o como resultado de una revocaci\u00f3n posterior del consentimiento inicialmente otorgado:<\/p>\n\n\n\n<p>&#8211; El env\u00edo de comunicaciones comerciales y\/o promocionales en papel, informando a los usuarios de las actividades, promociones, publicidad, noticias, ofertas y otra informaci\u00f3n sobre los servicios y productos relacionados con la actividad comercial de AEMTIA ASSESSORS, SL.<\/p>\n\n\n\n<p>&#8211; El env\u00edo de comunicaciones comerciales por v\u00eda electr\u00f3nica, informando a los usuarios de las actividades, promociones, publicidad, noticias, ofertas y otra informaci\u00f3n sobre los servicios y productos de AEMTIA ASSESSORS, SL iguales o similares a los que fueron inicialmente objeto de contrataci\u00f3n o de inter\u00e9s por el usuario.<\/p>\n\n\n\n<p>&#8211; La conservaci\u00f3n de los datos durante los plazos previstos en las disposiciones aplicables.<\/p>\n\n\n\n<p>Sin perjuicio de lo anterior, no se considerar\u00e1 comunicaci\u00f3n comercial y\/o publicitaria toda aquella informaci\u00f3n enviada por AEMTIA ASSESSORS, SL -incluso por medios electr\u00f3nicos- a los usuarios de AEMTIA ASSESSORS, SL con la finalidad de llevar a cabo , ejecutar y\/o desarrollar cualquier prestaci\u00f3n suscrita o contratada por el usuario -aunque no hubiera sido suscrita por medios electr\u00f3nicos- y todas las dem\u00e1s tareas, acciones y\/o actividades derivadas de la relaci\u00f3n contractual y\/o comercial.<\/p>\n\n\n\n<p>El interesado podr\u00e1 revocar su consentimiento en la recepci\u00f3n de comunicaciones comerciales, enviando una carta a AEMTIA ASSESSORS, SL, en el domicilio C\/BONASTRUC DE PORTA 20, 2\u00ba1\u00aa, 17005 Girona, (Girona) o por correo electr\u00f3nico a la direcci\u00f3n info@ aemtia.com con el asunto \u00abBAJA\u00bb.<\/p>\n\n\n\n<p>Es conveniente que el usuario acepte esta pol\u00edtica de privacidad e igualmente que pueda oponerse al env\u00edo de comunicaciones comerciales. Este precepto se puede llevar a cabo en el momento de solicitar los datos, incluyendo en la web dos casillas del estilo:<\/p>\n\n\n\n<p>_He le\u00eddo, entiendo y acepto la Pol\u00edtica de Privacidad.<\/p>\n\n\n\n<p>_No deseo recibir comunicaciones comerciales.<\/p>\n\n\n\n<p>Esta obligaci\u00f3n de pedir el consentimiento previo para el env\u00edo de comunicaciones comerciales no ser\u00e1 de aplicaci\u00f3n cuando haya habido una relaci\u00f3n contractual previa, siempre que el prestamista haya obtenido de forma l\u00edcita los datos de contacto del destinatario y los emplee para el env\u00edo de comunicaciones comerciales referentes a productos o servicios de su propia empresa que sean similares a los que inicialmente fueron objeto de contrataci\u00f3n con el cliente.<\/p>\n\n\n\n<p>En todo caso las comunicaciones comerciales deben:<\/p>\n\n\n\n<p>\u00b7 Ser claramente identificables como tal desde el inicio de la comunicaci\u00f3n, por ejemplo, insertando al comienzo del correo electr\u00f3nico la palabra \u00abPUBLICIDAD\u00bb o \u00abPUBLI\u00bb en caso de SMS.<\/p>\n\n\n\n<p>\u00b7 Ofrecer la posibilidad al usuario de oponerse al tratamiento de sus datos con fines promocionales, mediante un procedimiento sencillo y gratuito. Por ejemplo, insertar al final del correo electr\u00f3nico la siguiente frase: \u00abSi no desea recibir m\u00e1s comunicaciones comerciales, haga clic aqu\u00ed\u00bb.<\/p>\n\n\n\n<p>\u00b7 En caso de ofertas promocionales que incluyan descuentos, premios, regalos o concursos, se tendr\u00e1n que identificar claramente las condiciones de acceso o participaci\u00f3n. Se aconseja incluir la siguiente cl\u00e1usula al final del correo electr\u00f3nico: \u00abConsulte las condiciones del concurso aqu\u00ed\u00bb.<\/p>\n\n\n\n<p>El consentimiento para la utilizaci\u00f3n de los datos personales con fines publicitarios o comerciales ser\u00e1 revocable en cualquier momento a trav\u00e9s de un medio sencillo y gratuito. Cuando las comunicaciones hayan sido enviadas por correo electr\u00f3nico esta comunicaci\u00f3n incluir\u00e1 una direcci\u00f3n electr\u00f3nica v\u00e1lida donde pueda ejercerse este derecho, quedando prohibido el env\u00edo de comunicaciones que no incluyan dicha direcci\u00f3n.<\/p>\n\n\n\n<h2 class=\"wp-block-heading\"><strong>Modelo de cl\u00e1usula a incluir en los correos comerciales:<\/strong><\/h2>\n\n\n\n<p>De acuerdo con lo dispuesto en la Ley Org\u00e1nica 15\/1999, de Protecci\u00f3n de Datos de Car\u00e1cter Personal, les informamos de que los datos que figuran en la presente comunicaci\u00f3n est\u00e1n incluidos en un fichero automatizado propiedad de AEMTIA ASSESSORS, SL. Estos datos ser\u00e1n utilizados exclusivamente por el env\u00edo de comunicaciones que puedan ser de su inter\u00e9s.<\/p>\n\n\n\n<p>Igualmente, le informamos que en cualquier momento usted podr\u00e1 ejercer los derechos de acceso, rectificaci\u00f3n, oposici\u00f3n y, en su caso, cancelaci\u00f3n, dirigiendo una comunicaci\u00f3n por escrito, indicando sus datos personales, a AEMTIA ASSESSORS, SL , en la direcci\u00f3n C\/BONASTRUC DE PORTA 20, 2\u00ba1\u00aa, 17005 Girona, (Girona).<\/p>\n\n\n\n<p>Esta comunicaci\u00f3n comercial se env\u00eda al amparo de la Ley 34\/2002, de Servicios de la Sociedad de la informaci\u00f3n y de Comercio Electr\u00f3nico. Si desea dejar de recibir comunicaci\u00f3n comercial, puede solicitar en cualquier momento que no le sea remitida enviando un correo electr\u00f3nico a la direcci\u00f3n <a href=\"mailto:info@aemtia.com\">info@aemtia.com<\/a>, indicando en el asunto \u00abBaja comunicaciones comerciales\u00bb.<\/p>\n\n\n\n<div style=\"height:50px\" aria-hidden=\"true\" class=\"wp-block-spacer\"><\/div>\n","protected":false},"excerpt":{"rendered":"<p>Pol\u00edtica de privacidad De conformidad con lo establecido en la normativa vigente en Protecci\u00f3n de Datos de Car\u00e1cter Personal, le informamos que sus datos ser\u00e1n incorporados al sistema de tratamiento titularidad de AEMTIA ASSESSORS, S.L con CIF B55244206 y domicilio social sito en C\/BONASTRUC DE PORTA, 20 , 2\u00ba, 1\u00aa 17005, GIRONA, con la finalidad &hellip;<\/p>\n","protected":false},"author":4,"featured_media":0,"parent":0,"menu_order":0,"comment_status":"closed","ping_status":"open","template":"","meta":{"_acf_changed":false,"_gspb_post_css":"","_genesis_hide_title":false,"_genesis_hide_breadcrumbs":false,"_genesis_hide_singular_image":false,"_genesis_hide_footer_widgets":false,"_genesis_custom_body_class":"","_genesis_custom_post_class":"","_genesis_layout":"","footnotes":""},"class_list":{"1":"page","2":"type-page","5":"entry"},"yoast_head":"<!-- This site is optimized with the Yoast SEO plugin v26.1.1 - https:\/\/yoast.com\/wordpress\/plugins\/seo\/ -->\n<title>Pol\u00edtica de privacidad - Aemtia Assessors<\/title>\n<meta name=\"robots\" content=\"noindex, nofollow\" \/>\n<meta property=\"og:locale\" content=\"es_ES\" \/>\n<meta property=\"og:type\" content=\"article\" \/>\n<meta property=\"og:title\" content=\"Pol\u00edtica de privacidad - Aemtia Assessors\" \/>\n<meta property=\"og:description\" content=\"Pol\u00edtica de privacidad De conformidad con lo establecido en la normativa vigente en Protecci\u00f3n de Datos de Car\u00e1cter Personal, le informamos que sus datos ser\u00e1n incorporados al sistema de tratamiento titularidad de AEMTIA ASSESSORS, S.L con CIF B55244206 y domicilio social sito en C\/BONASTRUC DE PORTA, 20 , 2\u00ba, 1\u00aa 17005, GIRONA, con la finalidad &hellip;\" \/>\n<meta property=\"og:url\" content=\"https:\/\/www.aemtia.com\/es\/politica-de-privacidad\/\" \/>\n<meta property=\"og:site_name\" content=\"Aemtia Assessors\" \/>\n<meta property=\"article:modified_time\" content=\"2022-07-14T13:33:43+00:00\" \/>\n<meta name=\"twitter:card\" content=\"summary_large_image\" \/>\n<meta name=\"twitter:label1\" content=\"Tiempo de lectura\" \/>\n\t<meta name=\"twitter:data1\" content=\"12 minutos\" \/>\n<script type=\"application\/ld+json\" class=\"yoast-schema-graph\">{\"@context\":\"https:\/\/schema.org\",\"@graph\":[{\"@type\":\"WebPage\",\"@id\":\"https:\/\/www.aemtia.com\/es\/politica-de-privacidad\/\",\"url\":\"https:\/\/www.aemtia.com\/es\/politica-de-privacidad\/\",\"name\":\"Pol\u00edtica de privacidad - Aemtia Assessors\",\"isPartOf\":{\"@id\":\"https:\/\/www.aemtia.com\/#website\"},\"datePublished\":\"2021-11-16T13:59:22+00:00\",\"dateModified\":\"2022-07-14T13:33:43+00:00\",\"breadcrumb\":{\"@id\":\"https:\/\/www.aemtia.com\/es\/politica-de-privacidad\/#breadcrumb\"},\"inLanguage\":\"es\",\"potentialAction\":[{\"@type\":\"ReadAction\",\"target\":[\"https:\/\/www.aemtia.com\/es\/politica-de-privacidad\/\"]}]},{\"@type\":\"BreadcrumbList\",\"@id\":\"https:\/\/www.aemtia.com\/es\/politica-de-privacidad\/#breadcrumb\",\"itemListElement\":[{\"@type\":\"ListItem\",\"position\":1,\"name\":\"Inici\",\"item\":\"https:\/\/www.aemtia.com\/es\/\"},{\"@type\":\"ListItem\",\"position\":2,\"name\":\"Pol\u00edtica de privacidad\"}]},{\"@type\":\"WebSite\",\"@id\":\"https:\/\/www.aemtia.com\/#website\",\"url\":\"https:\/\/www.aemtia.com\/\",\"name\":\"Aemtia Assessors\",\"description\":\"Asesores en el \u00e1mbito empresarial, profesional y personal\",\"publisher\":{\"@id\":\"https:\/\/www.aemtia.com\/#organization\"},\"potentialAction\":[{\"@type\":\"SearchAction\",\"target\":{\"@type\":\"EntryPoint\",\"urlTemplate\":\"https:\/\/www.aemtia.com\/?s={search_term_string}\"},\"query-input\":{\"@type\":\"PropertyValueSpecification\",\"valueRequired\":true,\"valueName\":\"search_term_string\"}}],\"inLanguage\":\"es\"},{\"@type\":\"Organization\",\"@id\":\"https:\/\/www.aemtia.com\/#organization\",\"name\":\"Aemtia Assessors S.L.\",\"url\":\"https:\/\/www.aemtia.com\/\",\"logo\":{\"@type\":\"ImageObject\",\"inLanguage\":\"es\",\"@id\":\"https:\/\/www.aemtia.com\/#\/schema\/logo\/image\/\",\"url\":\"https:\/\/www.aemtia.com\/wp-content\/uploads\/2022\/04\/Paquet-logotips-AEMTIA_logo-web.png\",\"contentUrl\":\"https:\/\/www.aemtia.com\/wp-content\/uploads\/2022\/04\/Paquet-logotips-AEMTIA_logo-web.png\",\"width\":2000,\"height\":1000,\"caption\":\"Aemtia Assessors S.L.\"},\"image\":{\"@id\":\"https:\/\/www.aemtia.com\/#\/schema\/logo\/image\/\"}}]}<\/script>\n<!-- \/ Yoast SEO plugin. -->","yoast_head_json":{"title":"Pol\u00edtica de privacidad - Aemtia Assessors","robots":{"index":"noindex","follow":"nofollow"},"og_locale":"es_ES","og_type":"article","og_title":"Pol\u00edtica de privacidad - Aemtia Assessors","og_description":"Pol\u00edtica de privacidad De conformidad con lo establecido en la normativa vigente en Protecci\u00f3n de Datos de Car\u00e1cter Personal, le informamos que sus datos ser\u00e1n incorporados al sistema de tratamiento titularidad de AEMTIA ASSESSORS, S.L con CIF B55244206 y domicilio social sito en C\/BONASTRUC DE PORTA, 20 , 2\u00ba, 1\u00aa 17005, GIRONA, con la finalidad &hellip;","og_url":"https:\/\/www.aemtia.com\/es\/politica-de-privacidad\/","og_site_name":"Aemtia Assessors","article_modified_time":"2022-07-14T13:33:43+00:00","twitter_card":"summary_large_image","twitter_misc":{"Tiempo de lectura":"12 minutos"},"schema":{"@context":"https:\/\/schema.org","@graph":[{"@type":"WebPage","@id":"https:\/\/www.aemtia.com\/es\/politica-de-privacidad\/","url":"https:\/\/www.aemtia.com\/es\/politica-de-privacidad\/","name":"Pol\u00edtica de privacidad - Aemtia Assessors","isPartOf":{"@id":"https:\/\/www.aemtia.com\/#website"},"datePublished":"2021-11-16T13:59:22+00:00","dateModified":"2022-07-14T13:33:43+00:00","breadcrumb":{"@id":"https:\/\/www.aemtia.com\/es\/politica-de-privacidad\/#breadcrumb"},"inLanguage":"es","potentialAction":[{"@type":"ReadAction","target":["https:\/\/www.aemtia.com\/es\/politica-de-privacidad\/"]}]},{"@type":"BreadcrumbList","@id":"https:\/\/www.aemtia.com\/es\/politica-de-privacidad\/#breadcrumb","itemListElement":[{"@type":"ListItem","position":1,"name":"Inici","item":"https:\/\/www.aemtia.com\/es\/"},{"@type":"ListItem","position":2,"name":"Pol\u00edtica de privacidad"}]},{"@type":"WebSite","@id":"https:\/\/www.aemtia.com\/#website","url":"https:\/\/www.aemtia.com\/","name":"Aemtia Assessors","description":"Asesores en el \u00e1mbito empresarial, profesional y personal","publisher":{"@id":"https:\/\/www.aemtia.com\/#organization"},"potentialAction":[{"@type":"SearchAction","target":{"@type":"EntryPoint","urlTemplate":"https:\/\/www.aemtia.com\/?s={search_term_string}"},"query-input":{"@type":"PropertyValueSpecification","valueRequired":true,"valueName":"search_term_string"}}],"inLanguage":"es"},{"@type":"Organization","@id":"https:\/\/www.aemtia.com\/#organization","name":"Aemtia Assessors S.L.","url":"https:\/\/www.aemtia.com\/","logo":{"@type":"ImageObject","inLanguage":"es","@id":"https:\/\/www.aemtia.com\/#\/schema\/logo\/image\/","url":"https:\/\/www.aemtia.com\/wp-content\/uploads\/2022\/04\/Paquet-logotips-AEMTIA_logo-web.png","contentUrl":"https:\/\/www.aemtia.com\/wp-content\/uploads\/2022\/04\/Paquet-logotips-AEMTIA_logo-web.png","width":2000,"height":1000,"caption":"Aemtia Assessors S.L."},"image":{"@id":"https:\/\/www.aemtia.com\/#\/schema\/logo\/image\/"}}]}},"acf":[],"_links":{"self":[{"href":"https:\/\/www.aemtia.com\/es\/wp-json\/wp\/v2\/pages\/2417","targetHints":{"allow":["GET"]}}],"collection":[{"href":"https:\/\/www.aemtia.com\/es\/wp-json\/wp\/v2\/pages"}],"about":[{"href":"https:\/\/www.aemtia.com\/es\/wp-json\/wp\/v2\/types\/page"}],"author":[{"embeddable":true,"href":"https:\/\/www.aemtia.com\/es\/wp-json\/wp\/v2\/users\/4"}],"replies":[{"embeddable":true,"href":"https:\/\/www.aemtia.com\/es\/wp-json\/wp\/v2\/comments?post=2417"}],"version-history":[{"count":3,"href":"https:\/\/www.aemtia.com\/es\/wp-json\/wp\/v2\/pages\/2417\/revisions"}],"predecessor-version":[{"id":2822,"href":"https:\/\/www.aemtia.com\/es\/wp-json\/wp\/v2\/pages\/2417\/revisions\/2822"}],"wp:attachment":[{"href":"https:\/\/www.aemtia.com\/es\/wp-json\/wp\/v2\/media?parent=2417"}],"curies":[{"name":"wp","href":"https:\/\/api.w.org\/{rel}","templated":true}]}}