{"id":2170,"date":"2022-02-18T11:28:30","date_gmt":"2022-02-18T10:28:30","guid":{"rendered":"https:\/\/www.aemtia.com\/autonoms-i-pime\/"},"modified":"2024-12-05T11:01:32","modified_gmt":"2024-12-05T10:01:32","slug":"autonomos","status":"publish","type":"page","link":"https:\/\/www.aemtia.com\/es\/autonomos\/","title":{"rendered":"Asesor\u00eda aut\u00f3nomos y PYMES"},"content":{"rendered":"\n<div class=\"wp-block-cover alignfull is-light has-lg-padding-top has-lg-padding-bottom\"><span aria-hidden=\"true\" class=\"wp-block-cover__background has-background-background-color has-background-dim-100 has-background-dim\"><\/span><div class=\"wp-block-cover__inner-container is-layout-flow wp-block-cover-is-layout-flow\">\n<h1 class=\"wp-block-heading is-style-default has-alt-color has-text-color has-xxl-margin-bottom\" id=\"autonomos-y-pymes\" data-aos=\"flip-down\" data-aos-duration=\"500\">Aut\u00f3nomos y PYMES<\/h1>\n\n\n\n<div class=\"wp-block-group alignfull\"><div class=\"wp-block-group__inner-container is-layout-flow wp-block-group-is-layout-flow\">\n<div class=\"wp-block-columns are-vertically-aligned-center is-layout-flex wp-container-core-columns-is-layout-9d6595d7 wp-block-columns-is-layout-flex\">\n<div class=\"wp-block-column is-vertically-aligned-center is-layout-flow wp-block-column-is-layout-flow\" style=\"flex-basis:33.33%\">\n<figure class=\"wp-block-image size-large\" data-aos=\"fade-up\" data-aos-duration=\"500\"><img loading=\"lazy\" decoding=\"async\" width=\"1024\" height=\"990\" src=\"https:\/\/www.aemtia.com\/wp-content\/uploads\/2022\/06\/freelance-1024x990.png\" alt=\"aut\u00f3nomos freelance asesoramiento desde casa \" class=\"wp-image-2787\" srcset=\"https:\/\/www.aemtia.com\/wp-content\/uploads\/2022\/06\/freelance-300x290.png 300w, https:\/\/www.aemtia.com\/wp-content\/uploads\/2022\/06\/freelance-600x580.png 600w, https:\/\/www.aemtia.com\/wp-content\/uploads\/2022\/06\/freelance-768x743.png 768w, https:\/\/www.aemtia.com\/wp-content\/uploads\/2022\/06\/freelance-1024x990.png 1024w, https:\/\/www.aemtia.com\/wp-content\/uploads\/2022\/06\/freelance-1536x1485.png 1536w, https:\/\/www.aemtia.com\/wp-content\/uploads\/2022\/06\/freelance-2048x1980.png 2048w\" sizes=\"auto, (max-width: 1024px) 100vw, 1024px\" \/><\/figure>\n<\/div>\n\n\n\n<div class=\"wp-block-column is-vertically-aligned-center is-layout-flow wp-block-column-is-layout-flow\" style=\"flex-basis:66.66%\">\n<h2 class=\"wp-block-heading has-alt-color has-text-color\" id=\"un-buen-principio-para-una-buena-historia\" data-aos=\"flip-down\" data-aos-duration=\"500\">Un buen principio para una buena historia<\/h2>\n\n\n\n<div class=\"wp-block-group\" data-aos=\"fade\" data-aos-duration=\"500\"><div class=\"wp-block-group__inner-container is-layout-flow wp-block-group-is-layout-flow\">\n<div class=\"wp-block-group has-alt-color has-text-color\"><div class=\"wp-block-group__inner-container is-layout-flow wp-block-group-is-layout-flow\">\n<p class=\"has-alt-color has-text-color\">Acabas de empezar como freelance y todo parecen gastos. P\u00e1gina web, dise\u00f1o, aut\u00f3nomos, protecci\u00f3n de datos de la web\u2026 \u00a1S\u00f3lo te faltaba el gestor!<\/p>\n\n\n\n<p>Pero, <strong>\u00bfsab\u00edas que una mala decisi\u00f3n a la hora de realizar un alta de aut\u00f3nomos puede suponerte perder m\u00e1s de 2.000 euros anuales?<\/strong><\/p>\n\n\n\n<p><strong>Conf\u00eda en profesionales y comienza con buen pie<\/strong>: evitando sorpresas y teniendo el control de tu negocio desde el principio.<\/p>\n<\/div><\/div>\n<\/div><\/div>\n<\/div>\n<\/div>\n<\/div><\/div>\n<\/div><\/div>\n\n\n\n<div class=\"wp-block-group alignfull has-white-color has-alt-background-color has-text-color has-background has-dark-background has-lg-padding-top has-lg-padding-bottom\"><div class=\"wp-block-group__inner-container is-layout-flow wp-block-group-is-layout-flow\">\n<h2 class=\"wp-block-heading has-text-align-center has-white-color has-text-color\" id=\"las-soluciones-aemtia\" data-aos=\"flip-down\" data-aos-duration=\"500\"><strong>Las soluciones Aemtia<\/strong><\/h2>\n\n\n\n<p class=\"has-text-align-center has-lg-font-size\" data-aos=\"fade\" data-aos-duration=\"500\">Aut\u00f3nomos hay muchos y en situaciones muy diferentes, por eso <strong>adaptamos nuestro asesoramiento a cada bolsillo ya cada situaci\u00f3n<\/strong>, para que nadie se quede sin acompa\u00f1amiento. Los errores de aut\u00f3nomo novato se pagan caro y no queremos que pagues cara tu valent\u00eda de emprender.<\/p>\n\n\n\n<div style=\"height:25px\" aria-hidden=\"true\" class=\"wp-block-spacer\"><\/div>\n\n\n\n<h3 class=\"wp-block-heading has-text-align-center has-primary-color has-text-color has-xxl-margin-bottom\" id=\"en-que-nivel-te-encuentras\" data-aos=\"flip-down\" data-aos-duration=\"500\"><strong>\u00bfEn qu\u00e9 nivel te encuentras?<\/strong><\/h3>\n\n\n<span data-aos-duration=\"500\" data-aos=\"slide-down\" class=\"mai-icon mai-icon-angle-down\" style=\"display:block;text-align:center;--icon-margin:0px 0px 0px 0px;--icon-padding:0px;--icon-size:100px;--icon-color:var(--color-primary);--icon-border-radius:var(--border-radius);\"><span class=\"mai-icon-wrap\"><svg xmlns=\"http:\/\/www.w3.org\/2000\/svg\" viewbox=\"0 0 320 512\" width=\"100\" height=\"100\"><!-- Font Awesome Pro 5.15.4 by @fontawesome - https:\/\/fontawesome.com License - https:\/\/fontawesome.com\/license (Commercial License) --><path d=\"M151.5 347.8L3.5 201c-4.7-4.7-4.7-12.3 0-17l19.8-19.8c4.7-4.7 12.3-4.7 17 0L160 282.7l119.7-118.5c4.7-4.7 12.3-4.7 17 0l19.8 19.8c4.7 4.7 4.7 12.3 0 17l-148 146.8c-4.7 4.7-12.3 4.7-17 0z\"><\/path><\/svg><\/span><\/span><\/div><\/div>\n\n\n\n\n<div class=\"wp-block-cover alignfull is-light autonom-principiant has-md-padding-top has-md-padding-bottom\"><span aria-hidden=\"true\" class=\"wp-block-cover__background has-custom-2-background-color has-background-dim-100 has-background-dim\"><\/span><div class=\"wp-block-cover__inner-container is-layout-flow wp-block-cover-is-layout-flow\">\n<div class=\"wp-block-columns are-vertically-aligned-center is-layout-flex wp-container-core-columns-is-layout-9d6595d7 wp-block-columns-is-layout-flex\">\n<div class=\"wp-block-column is-vertically-aligned-center is-layout-flow wp-block-column-is-layout-flow\" style=\"flex-basis:33.33%\">\n<figure class=\"wp-block-image size-large empresa-dibuix\" data-aos=\"fade-up\" data-aos-duration=\"500\"><img loading=\"lazy\" decoding=\"async\" width=\"791\" height=\"1024\" src=\"https:\/\/www.aemtia.com\/wp-content\/uploads\/2022\/05\/autonoms_Mesa-de-trabajo-1-791x1024.png\" alt=\"servicio aut\u00f3nomos principiantes inicia tu negocio \" class=\"wp-image-2145\" srcset=\"https:\/\/www.aemtia.com\/wp-content\/uploads\/2022\/05\/autonoms_Mesa-de-trabajo-1-232x300.png 232w, https:\/\/www.aemtia.com\/wp-content\/uploads\/2022\/05\/autonoms_Mesa-de-trabajo-1-600x776.png 600w, https:\/\/www.aemtia.com\/wp-content\/uploads\/2022\/05\/autonoms_Mesa-de-trabajo-1-768x994.png 768w, https:\/\/www.aemtia.com\/wp-content\/uploads\/2022\/05\/autonoms_Mesa-de-trabajo-1-791x1024.png 791w, https:\/\/www.aemtia.com\/wp-content\/uploads\/2022\/05\/autonoms_Mesa-de-trabajo-1-1187x1536.png 1187w, https:\/\/www.aemtia.com\/wp-content\/uploads\/2022\/05\/autonoms_Mesa-de-trabajo-1-1583x2048.png 1583w, https:\/\/www.aemtia.com\/wp-content\/uploads\/2022\/05\/autonoms_Mesa-de-trabajo-1.png 1932w\" sizes=\"auto, (max-width: 791px) 100vw, 791px\" \/><\/figure>\n<\/div>\n\n\n\n<div class=\"wp-block-column is-vertically-aligned-center is-layout-flow wp-block-column-is-layout-flow\" style=\"flex-basis:66.66%\">\n<h3 class=\"wp-block-heading has-alt-color has-text-color\" id=\"aemtia-starter\" data-aos=\"flip-down\" data-aos-duration=\"500\">AEMTIA Starter<\/h3>\n\n\n\n<p class=\"has-alt-color has-text-color\" data-aos=\"fade\" data-aos-duration=\"500\"><strong>Nivel principiante:<\/strong> \u00ab<em>Tengo muy pocas facturas y me llega para comer arroz, pero me gustar\u00eda contar con alguien que me ayudara y orientara.<\/em>\u00ab<\/p>\n\n\n\n<h4 class=\"wp-block-heading has-custom-2-color has-alt-background-color has-text-color has-background\" id=\"solucion-aemtia-1-a-partir-de-19-90-mes\" data-aos=\"flip-down\" data-aos-duration=\"500\">Soluci\u00f3n AEMTIA 1: a partir de 19,90 \u20ac\/mes<\/h4>\n\n\n\n<p class=\"has-alt-color has-text-color\">Incluye:<\/p>\n\n\n\n<ul class=\"wp-block-list\">\n<li><strong>Alta como cliente y acceso a la plataforma <a href=\"https:\/\/www.aemtia.com\/es\/aemtia-connect\/\">AEMTIA CONNECT<\/a> <\/strong>para hacer presupuestos y llevar tu facturaci\u00f3n de una forma f\u00e1cil.<\/li>\n\n\n\n<li><strong>Acceso a todos los cursos y tutoriales*<\/strong> espec\u00edficos para aut\u00f3nomos: tipos de IVA, c\u00f3mo se hace una factura, qu\u00e9 es una retenci\u00f3n, el IVA intracomunitario, y decenas de p\u00edldoras informativas que te ser\u00e1n de gran utilidad.<\/li>\n\n\n\n<li><strong>45 minutos<\/strong> al mes de consultas y resoluci\u00f3n de dudas, por tel\u00e9fono o por videollamada.<\/li>\n<\/ul>\n\n\n\n<p>*<em>Secci\u00f3n en construcci\u00f3n.<\/em>&nbsp;Disfruta de un 20% de descuento en esta tarifa hasta que este servicio est\u00e9 disponible.<\/p>\n\n\n\n<p class=\"has-primary-color has-text-color\" data-aos=\"fade\" data-aos-duration=\"500\"><strong>Invierte en soluciones y comienza a ver c\u00f3mo tu negocio arranca.<\/strong><\/p>\n\n\n\n<div class=\"wp-block-buttons is-layout-flex wp-block-buttons-is-layout-flex\">\n<div class=\"wp-block-button\" data-aos=\"flip-down\" data-aos-duration=\"500\"><a class=\"wp-block-button__link button wp-element-button\" href=\"https:\/\/outlook-sdf.office.com\/bookwithme\/user\/9ebccf6690a941e1afd3466d9b8ec68b%40aemtia.com?anonymous&amp;isanonymous=true\" target=\"_blank\" rel=\"noreferrer noopener\">Reservar consultor\u00eda gratuita<\/a><\/div>\n<\/div>\n<\/div>\n<\/div>\n<\/div><\/div>\n\n\n\n<div class=\"wp-block-cover alignfull is-light has-md-padding-top has-md-padding-bottom\"><span aria-hidden=\"true\" class=\"wp-block-cover__background has-custom-2-background-color has-background-dim-100 has-background-dim\"><\/span><div class=\"wp-block-cover__inner-container is-layout-flow wp-block-cover-is-layout-flow\">\n<div class=\"wp-block-columns are-vertically-aligned-center assessora-column is-layout-flex wp-container-core-columns-is-layout-9d6595d7 wp-block-columns-is-layout-flex\">\n<div class=\"wp-block-column is-vertically-aligned-center is-layout-flow wp-block-column-is-layout-flow\" style=\"flex-basis:66.66%\">\n<h3 class=\"wp-block-heading has-alt-color has-text-color\" id=\"aemtia-gestiona\" data-aos=\"flip-down\" data-aos-duration=\"500\">AEMTIA Gestiona<\/h3>\n\n\n\n<p data-aos=\"fade\" data-aos-duration=\"500\">\u00ab<em>Empiezo a facturar bien y necesito un acompa\u00f1amiento recurrente porque llego a todo.<\/em>\u00ab<\/p>\n\n\n\n<h4 class=\"wp-block-heading has-custom-2-color has-alt-background-color has-text-color has-background\" id=\"solucion-aemtia-2-a-partir-de-75-mes\" data-aos=\"flip-down\" data-aos-duration=\"500\">Soluci\u00f3n AEMTIA 2: a partir de 75 \u20ac\/mes<\/h4>\n\n\n\n<p data-aos=\"fade\" data-aos-duration=\"500\">Incluye:<\/p>\n\n\n\n<ul class=\"wp-block-list has-alt-color has-text-color\">\n<li><strong>Asesoramiento ilimitado de la actividad<\/strong> con nuestro equipo de expertos.<\/li>\n\n\n\n<li><strong>Confecci\u00f3n de todos los modelos fiscales<\/strong> (trimestrales y res\u00famenes anuales).<\/li>\n\n\n\n<li><strong>100% de descuento en el c\u00e1lculo de renta<\/strong>, en la parte de actividad econ\u00f3mica.<\/li>\n\n\n\n<li><strong>Acceso a la plataforma <a href=\"https:\/\/www.aemtia.com\/es\/aemtia-connect\/\">AEMTIA CONNECT<\/a><\/strong>.<\/li>\n\n\n\n<li><em>No se incluyen: los tr\u00e1mites, la confecci\u00f3n de libros de registro, ni la presentaci\u00f3n de impuestos.<\/em><\/li>\n<\/ul>\n\n\n\n<p class=\"has-primary-color has-text-color\" data-aos=\"fade\" data-aos-duration=\"500\"><strong>Empieza a disfrutar de unas vacaciones merecidas o de fines de semana sin trabajar, dejando en manos de profesionales la gesti\u00f3n burocr\u00e1tica de tu negocio y asesor\u00e1ndote en todas las decisiones importantes.<\/strong><\/p>\n\n\n\n<div class=\"wp-block-buttons is-layout-flex wp-block-buttons-is-layout-flex\">\n<div class=\"wp-block-button\" data-aos=\"flip-down\" data-aos-duration=\"500\"><a class=\"wp-block-button__link button wp-element-button\" href=\"https:\/\/outlook-sdf.office.com\/bookwithme\/user\/9ebccf6690a941e1afd3466d9b8ec68b%40aemtia.com?anonymous&amp;isanonymous=true\" target=\"_blank\" rel=\"noreferrer noopener\">Reservar consultor\u00eda gratuita<\/a><\/div>\n<\/div>\n<\/div>\n\n\n\n<div class=\"wp-block-column is-vertically-aligned-center is-layout-flow wp-block-column-is-layout-flow\" style=\"flex-basis:33.33%\">\n<figure class=\"wp-block-image size-large empresa-dibuix\" data-aos=\"fade-up\" data-aos-duration=\"500\"><img loading=\"lazy\" decoding=\"async\" width=\"791\" height=\"1024\" src=\"https:\/\/www.aemtia.com\/wp-content\/uploads\/2022\/05\/autonoms_Mesa-de-trabajo-1-791x1024.png\" alt=\"\" class=\"wp-image-2145\" srcset=\"https:\/\/www.aemtia.com\/wp-content\/uploads\/2022\/05\/autonoms_Mesa-de-trabajo-1-232x300.png 232w, https:\/\/www.aemtia.com\/wp-content\/uploads\/2022\/05\/autonoms_Mesa-de-trabajo-1-600x776.png 600w, https:\/\/www.aemtia.com\/wp-content\/uploads\/2022\/05\/autonoms_Mesa-de-trabajo-1-768x994.png 768w, https:\/\/www.aemtia.com\/wp-content\/uploads\/2022\/05\/autonoms_Mesa-de-trabajo-1-791x1024.png 791w, https:\/\/www.aemtia.com\/wp-content\/uploads\/2022\/05\/autonoms_Mesa-de-trabajo-1-1187x1536.png 1187w, https:\/\/www.aemtia.com\/wp-content\/uploads\/2022\/05\/autonoms_Mesa-de-trabajo-1-1583x2048.png 1583w, https:\/\/www.aemtia.com\/wp-content\/uploads\/2022\/05\/autonoms_Mesa-de-trabajo-1.png 1932w\" sizes=\"auto, (max-width: 791px) 100vw, 791px\" \/><\/figure>\n<\/div>\n<\/div>\n<\/div><\/div>\n\n\n\n<div class=\"wp-block-cover alignfull has-md-padding-top has-md-padding-bottom\"><span aria-hidden=\"true\" class=\"wp-block-cover__background has-alt-background-color has-background-dim-100 has-background-dim\"><\/span><div class=\"wp-block-cover__inner-container is-layout-flow wp-block-cover-is-layout-flow\">\n<div class=\"wp-block-columns are-vertically-aligned-center assessora-column is-layout-flex wp-container-core-columns-is-layout-9d6595d7 wp-block-columns-is-layout-flex\">\n<div class=\"wp-block-column is-vertically-aligned-center is-layout-flow wp-block-column-is-layout-flow\" style=\"flex-basis:66.66%\">\n<h3 class=\"wp-block-heading\" id=\"aemtia-asesora\" data-aos=\"flip-down\" data-aos-duration=\"500\">AEMTIA Asesora<\/h3>\n\n\n\n<p data-aos=\"fade\" data-aos-duration=\"500\">\u00abMi negocio funciona, pero necesito una estrategia para hacerlo crecer y explotar su potencial<em>.<\/em>\u00ab<\/p>\n\n\n\n<h4 class=\"wp-block-heading has-custom-2-color has-primary-background-color has-text-color has-background\" id=\"solucion-aemtia-2-a-partir-de-125-mes\" data-aos=\"flip-down\" data-aos-duration=\"500\">Soluci\u00f3n AEMTIA 2: a partir de 125 \u20ac\/mes<\/h4>\n\n\n\n<p data-aos=\"fade\" data-aos-duration=\"500\">I<strong>ncluye todos los servicios de la tarifa AEMTIA Gestiona m\u00e1s:<\/strong><\/p>\n\n\n\n<ul class=\"wp-block-list\">\n<li><strong>Informes de rentabilidad<\/strong>.<\/li>\n\n\n\n<li><strong>Prec\u00e1lculo de renta <\/strong>para tomar decisiones importantes a final de a\u00f1o y reducir el impacto fiscal.<\/li>\n<\/ul>\n\n\n\n<p class=\"has-primary-color has-text-color\" data-aos=\"fade\" data-aos-duration=\"500\"><strong>Lleva un mejor control de tu negocio y anticipa decisiones importantes para pagar menos en tu renta.<\/strong><\/p>\n\n\n\n<div class=\"wp-block-buttons is-layout-flex wp-block-buttons-is-layout-flex\">\n<div class=\"wp-block-button\" data-aos=\"flip-down\" data-aos-duration=\"500\"><a class=\"wp-block-button__link button wp-element-button\" href=\"https:\/\/outlook-sdf.office.com\/bookwithme\/user\/9ebccf6690a941e1afd3466d9b8ec68b%40aemtia.com?anonymous&amp;isanonymous=true\" target=\"_blank\" rel=\"noreferrer noopener\">Reservar consultor\u00eda gratuita<\/a><\/div>\n<\/div>\n<\/div>\n\n\n\n<div class=\"wp-block-column is-vertically-aligned-center is-layout-flow wp-block-column-is-layout-flow\" style=\"flex-basis:33.33%\">\n<figure class=\"wp-block-image size-large is-resized empresa-dibuix\" data-aos=\"fade-up\" data-aos-duration=\"500\"><img decoding=\"async\" src=\"https:\/\/www.aemtia.com\/wp-content\/uploads\/2022\/05\/Autonoms-nivells-02-792x1024.png\" alt=\"servicio aut\u00f3nomos intermedios acompa\u00f1amiento negocio peque\u00f1o\" class=\"wp-image-2230\" style=\"width:387px;height:500px\"\/><\/figure>\n<\/div>\n<\/div>\n<\/div><\/div>\n\n\n\n<div class=\"wp-block-cover alignfull has-md-padding-top has-md-padding-bottom\"><span aria-hidden=\"true\" class=\"wp-block-cover__background has-primary-background-color has-background-dim-100 has-background-dim\"><\/span><div class=\"wp-block-cover__inner-container is-layout-flow wp-block-cover-is-layout-flow\">\n<div class=\"wp-block-columns are-vertically-aligned-center is-layout-flex wp-container-core-columns-is-layout-9d6595d7 wp-block-columns-is-layout-flex\">\n<div class=\"wp-block-column is-vertically-aligned-center is-layout-flow wp-block-column-is-layout-flow\" style=\"flex-basis:33.33%\">\n<figure class=\"wp-block-image size-large empresa-dibuix\" data-aos=\"fade-up\" data-aos-duration=\"500\"><img loading=\"lazy\" decoding=\"async\" width=\"863\" height=\"1024\" src=\"https:\/\/www.aemtia.com\/wp-content\/uploads\/2022\/05\/autonoms-03-863x1024.png\" alt=\"servicio aut\u00f3nomos avanzados controla tu negocio con acompa\u00f1amiento completo\" class=\"wp-image-2150\" srcset=\"https:\/\/www.aemtia.com\/wp-content\/uploads\/2022\/05\/autonoms-03-253x300.png 253w, https:\/\/www.aemtia.com\/wp-content\/uploads\/2022\/05\/autonoms-03-600x712.png 600w, https:\/\/www.aemtia.com\/wp-content\/uploads\/2022\/05\/autonoms-03-768x911.png 768w, https:\/\/www.aemtia.com\/wp-content\/uploads\/2022\/05\/autonoms-03-863x1024.png 863w, https:\/\/www.aemtia.com\/wp-content\/uploads\/2022\/05\/autonoms-03-1295x1536.png 1295w, https:\/\/www.aemtia.com\/wp-content\/uploads\/2022\/05\/autonoms-03-1727x2048.png 1727w\" sizes=\"auto, (max-width: 863px) 100vw, 863px\" \/><\/figure>\n<\/div>\n\n\n\n<div class=\"wp-block-column is-vertically-aligned-center is-layout-flow wp-block-column-is-layout-flow\" style=\"flex-basis:66.66%\">\n<h3 class=\"wp-block-heading\" id=\"aemtia-partners\" data-aos=\"flip-down\" data-aos-duration=\"500\">AEMTIA PARTNERS<\/h3>\n\n\n\n<p data-aos=\"fade\" data-aos-duration=\"500\">\u00abSoy un aut\u00f3nomo con experiencia, me gusta tener el control de mi negocio y contar con un acompa\u00f1amiento completo.\u00bb<\/p>\n\n\n\n<h4 class=\"wp-block-heading has-primary-color has-background-background-color has-text-color has-background\" id=\"solucion-aemtia-3-a-partir-de-195-mes\" data-aos=\"flip-down\" data-aos-duration=\"500\">Soluci\u00f3n AEMTIA 3: a partir de 195\u20ac\/mes<\/h4>\n\n\n\n<p data-aos=\"fade\" data-aos-duration=\"500\"><strong>Incluye todos los servicios de la tarifa AEMTIA Asesora m\u00e1s:<\/strong><\/p>\n\n\n\n<ul class=\"wp-block-list\">\n<li><strong>Confecci\u00f3n de la contabilidad completa<\/strong> con conciliaci\u00f3n bancaria.<\/li>\n\n\n\n<li><strong>Confecci\u00f3n de hoja de presupuesto anual<\/strong> y formaci\u00f3n para llevarla al d\u00eda.<\/li>\n<\/ul>\n\n\n\n<p data-aos=\"fade\" data-aos-duration=\"500\"><strong>Continua creciendo con la tranquilidad de que tu negocio est\u00e1 bajo control y en buenas manos.<\/strong><\/p>\n\n\n\n<div class=\"wp-block-buttons is-layout-flex wp-block-buttons-is-layout-flex\">\n<div class=\"wp-block-button\" data-aos=\"flip-down\" data-aos-duration=\"500\" style=\"--button-color:var(--color-primary);--button-background:var(--color-background);--button-background-hover:#e3e3e3;\"><a class=\"wp-block-button__link button  -background-color   wp-element-button\" href=\"https:\/\/outlook-sdf.office.com\/bookwithme\/user\/9ebccf6690a941e1afd3466d9b8ec68b%40aemtia.com?anonymous&#038;isanonymous=true\" target=\"_blank\" rel=\"noreferrer noopener\">Reservar consultor\u00eda gratuita<\/a><\/div>\n\n<\/div>\n<\/div>\n<\/div>\n<\/div><\/div>\n\n\n\n<div class=\"wp-block-cover alignfull is-light has-lg-padding-top has-lg-padding-bottom\"><span aria-hidden=\"true\" class=\"wp-block-cover__background has-secondary-background-color has-background-dim-100 has-background-dim\"><\/span><div class=\"wp-block-cover__inner-container is-layout-flow wp-block-cover-is-layout-flow\">\n<h2 class=\"wp-block-heading is-style-default has-alt-color has-text-color has-xxl-margin-bottom\" id=\"los-tramites-online-que-te-pueden-interesar\" data-aos=\"fade\" data-aos-duration=\"500\">Los tr\u00e1mites online que te pueden interesar<\/h2>\n\n\n<style><\/style><div data-aos-delay=\"100\" data-aos-duration=\"500\" data-aos=\"slide-up\" class=\"mai-grid certificat-autonoms entries entries-grid has-boxed has-image-left-middle\" style=\"--entry-title-font-size:var(--font-size-md);--entry-image-link-max-width:300px;--align-text:start;--align-text-vertical:center;--entry-meta-text-align:start;\"><div class=\"entries-wrap has-columns has-image-stack\" style=\"--columns-xs:1\/1;--columns-sm:1\/1;--columns-md:1\/1;--columns-lg:1\/1;--flex-xs:0 0 var(--flex-basis);--flex-sm:0 0 var(--flex-basis);--flex-md:0 0 var(--flex-basis);--flex-lg:0 0 var(--flex-basis);--column-gap:var(--spacing-xl);--row-gap:var(--spacing-xl);--align-columns:start;\"><article class=\"entry entry-grid is-column has-entry-link has-image has-image-first product type-product product_cat-administrativo product_tag-autonomos product_tag-certificados-digitales product_tag-estrangeria-es product_tag-particulares product_tag-subvenciones first instock virtual sold-individually taxable purchasable product-type-simple\" style=\"--entry-index:1;\" aria-label=\"Certificado digital de persona f\u00edsica o aut\u00f3nomo\"><a class=\"entry-image-link\" href=\"https:\/\/www.aemtia.com\/es\/tramites-online\/certificado-digital-persona-fisica-autonomo\/\" tabindex=\"-1\" aria-hidden=\"true\"><img loading=\"lazy\" decoding=\"async\" width=\"300\" height=\"300\" src=\"https:\/\/www.aemtia.com\/wp-content\/uploads\/2022\/02\/SOL\u00b7LICITUD-CERTIFICAT-DIGITAL-PERSONA-FISICA_Mesa-de-trabajo-1-300x300.jpg\" class=\"entry-image size-medium\" alt=\"administra tr\u00e1mites en el m\u00f3vil certificado digital persona f\u00edsica\" srcset=\"https:\/\/www.aemtia.com\/wp-content\/uploads\/2022\/02\/SOL\u00b7LICITUD-CERTIFICAT-DIGITAL-PERSONA-FISICA_Mesa-de-trabajo-1-80x80.jpg 80w, https:\/\/www.aemtia.com\/wp-content\/uploads\/2022\/02\/SOL\u00b7LICITUD-CERTIFICAT-DIGITAL-PERSONA-FISICA_Mesa-de-trabajo-1-100x100.jpg 100w, https:\/\/www.aemtia.com\/wp-content\/uploads\/2022\/02\/SOL\u00b7LICITUD-CERTIFICAT-DIGITAL-PERSONA-FISICA_Mesa-de-trabajo-1-150x150.jpg 150w, https:\/\/www.aemtia.com\/wp-content\/uploads\/2022\/02\/SOL\u00b7LICITUD-CERTIFICAT-DIGITAL-PERSONA-FISICA_Mesa-de-trabajo-1-300x300.jpg 300w, https:\/\/www.aemtia.com\/wp-content\/uploads\/2022\/02\/SOL\u00b7LICITUD-CERTIFICAT-DIGITAL-PERSONA-FISICA_Mesa-de-trabajo-1-600x600.jpg 600w, https:\/\/www.aemtia.com\/wp-content\/uploads\/2022\/02\/SOL\u00b7LICITUD-CERTIFICAT-DIGITAL-PERSONA-FISICA_Mesa-de-trabajo-1-768x768.jpg 768w, https:\/\/www.aemtia.com\/wp-content\/uploads\/2022\/02\/SOL\u00b7LICITUD-CERTIFICAT-DIGITAL-PERSONA-FISICA_Mesa-de-trabajo-1-1024x1024.jpg 1024w, https:\/\/www.aemtia.com\/wp-content\/uploads\/2022\/02\/SOL\u00b7LICITUD-CERTIFICAT-DIGITAL-PERSONA-FISICA_Mesa-de-trabajo-1.jpg 1200w\" sizes=\"auto, (max-width:599px) 599px, (min-width:600px) and (max-width: 799px) 266.33333333333px, (min-width:800px) and (max-width: 999px) 333px, (min-width:1000px) 400px\" \/><\/a><div class=\"entry-wrap entry-wrap-grid\"><h3 class=\"entry-title\"><a class=\"entry-title-link\" href=\"https:\/\/www.aemtia.com\/es\/tramites-online\/certificado-digital-persona-fisica-autonomo\/\" rel=\"bookmark\">Certificado digital de persona f\u00edsica o aut\u00f3nomo<\/a><\/h3>\n<div class=\"entry-custom-content\"><p>El Certificado Digital de Persona F\u00edsica es un certificado electr\u00f3nico que se instala en el navegador del ordenador con el que podr\u00e1s identificarte digitalmente, realizar tr\u00e1mites telem\u00e1ticos y firmar o cifrar documentos electr\u00f3nicos de la Agencia Tributaria, la Seguridad Social y otras entidades de la Administraci\u00f3n P\u00fablica.<\/p><\/div><div class=\"entry-more\"><a class=\"entry-more-link button button-secondary button-small\" href=\"https:\/\/www.aemtia.com\/es\/tramites-online\/certificado-digital-persona-fisica-autonomo\/\">Solicitar tr\u00e1mite<span class=\"screen-reader-text\">Certificado digital de persona f\u00edsica o aut\u00f3nomo<\/span><\/a><\/div><\/div><\/article><\/div><\/div>\n\n\n<div style=\"height:40px\" aria-hidden=\"true\" class=\"wp-block-spacer\"><\/div>\n\n\n\n<div class=\"wp-block-buttons is-content-justification-left is-layout-flex wp-container-core-buttons-is-layout-fdcfc74e wp-block-buttons-is-layout-flex\">\n<div class=\"wp-block-button--1\" style=\"--button-outline-color:var(--color-alt);\"><a class=\"wp-block-button__link button button-outline   wp-element-button\" href=\"https:\/\/www.aemtia.com\/es\/tramites-online\/\">Ver m\u00e1s tr\u00e1mites<\/a><\/div>\n\n<\/div>\n<\/div><\/div>\n\n\n\n<div class=\"wp-block-group alignfull has-white-color has-alt-background-color has-text-color has-background has-dark-background has-lg-padding-top has-lg-padding-bottom\"><div class=\"wp-block-group__inner-container is-layout-flow wp-block-group-is-layout-flow\">\n<h2 class=\"wp-block-heading has-xl-margin-bottom\" id=\"que-dicen-nuestros-clientes\">\u00bfQu\u00e9 dicen nuestros clientes?<\/h2>\n\n\n\n<div class=\"wp-block-columns is-layout-flex wp-container-core-columns-is-layout-9d6595d7 wp-block-columns-is-layout-flex\">\n<div class=\"wp-block-column is-layout-flow wp-block-column-is-layout-flow\" data-aos=\"fade-up\" data-aos-duration=\"500\"><span class=\"mai-icon mai-icon-quote-left\" style=\"display:block;text-align:center;--icon-margin:0px 0px 0px 0px;--icon-padding:0px;--icon-size:40px;--icon-color:var(--color-primary);--icon-border-radius:var(--border-radius);\"><span class=\"mai-icon-wrap\"><svg xmlns=\"http:\/\/www.w3.org\/2000\/svg\" viewbox=\"0 0 512 512\" width=\"40\" height=\"40\"><!-- Font Awesome Pro 5.15.4 by @fontawesome - https:\/\/fontawesome.com License - https:\/\/fontawesome.com\/license (Commercial License) --><path d=\"M464 256h-80v-64c0-35.3 28.7-64 64-64h8c13.3 0 24-10.7 24-24V56c0-13.3-10.7-24-24-24h-8c-88.4 0-160 71.6-160 160v240c0 26.5 21.5 48 48 48h128c26.5 0 48-21.5 48-48V304c0-26.5-21.5-48-48-48zm-288 0H96v-64c0-35.3 28.7-64 64-64h8c13.3 0 24-10.7 24-24V56c0-13.3-10.7-24-24-24h-8C71.6 32 0 103.6 0 192v240c0 26.5 21.5 48 48 48h128c26.5 0 48-21.5 48-48V304c0-26.5-21.5-48-48-48z\"><\/path><\/svg><\/span><\/span>\n\n\n<blockquote class=\"wp-block-quote is-layout-flow wp-block-quote-is-layout-flow\">\n<p>Edgar y su equipo me acompa\u00f1aron durante toda mi etapa como aut\u00f3noma, desde los inicios de mi proyecto empresarial hasta dar el paso a una mayor estructura. Su soporte, recomendaciones y herramientas fueron clave a la hora de prosperar y crecer el proyecto.<\/p>\n<cite>Lucie Pellier &#8211; Fibrecoco SAS<\/cite><\/blockquote>\n<\/div>\n\n\n\n<div class=\"wp-block-column is-layout-flow wp-block-column-is-layout-flow\" data-aos=\"fade-up\" data-aos-delay=\"100\" data-aos-duration=\"500\"><span class=\"mai-icon mai-icon-quote-left\" style=\"display:block;text-align:center;--icon-margin:0px 0px 0px 0px;--icon-padding:0px;--icon-size:40px;--icon-color:var(--color-primary);--icon-border-radius:var(--border-radius);\"><span class=\"mai-icon-wrap\"><svg xmlns=\"http:\/\/www.w3.org\/2000\/svg\" viewbox=\"0 0 512 512\" width=\"40\" height=\"40\"><!-- Font Awesome Pro 5.15.4 by @fontawesome - https:\/\/fontawesome.com License - https:\/\/fontawesome.com\/license (Commercial License) --><path d=\"M464 256h-80v-64c0-35.3 28.7-64 64-64h8c13.3 0 24-10.7 24-24V56c0-13.3-10.7-24-24-24h-8c-88.4 0-160 71.6-160 160v240c0 26.5 21.5 48 48 48h128c26.5 0 48-21.5 48-48V304c0-26.5-21.5-48-48-48zm-288 0H96v-64c0-35.3 28.7-64 64-64h8c13.3 0 24-10.7 24-24V56c0-13.3-10.7-24-24-24h-8C71.6 32 0 103.6 0 192v240c0 26.5 21.5 48 48 48h128c26.5 0 48-21.5 48-48V304c0-26.5-21.5-48-48-48z\"><\/path><\/svg><\/span><\/span>\n\n\n<blockquote class=\"wp-block-quote is-layout-flow wp-block-quote-is-layout-flow\">\n<p>Quiero dejar mi m\u00e1s sincera recomendaci\u00f3n de Edgar Mart\u00edn por varios motivos. En primer lugar, por el punto de inflexi\u00f3n que supone su labor, a mi desarrollo como profesional aut\u00f3nomo. Me ofreci\u00f3 siempre opciones y soluciones a mis dudas fiscales y econ\u00f3micas, asesor\u00e1ndome y recomend\u00e1ndome siempre entre las m\u00e1s sencillas y efectivas. Gracias a su particular acompa\u00f1amiento y trato, llano, cercano y de confianza, puedo observar y recoger (y m\u00e1s ahora que llegamos a final de a\u00f1o), los frutos de el trabajo con \u00e9l. Gracias Edgar por ser, adem\u00e1s de un gran profesional, una bell\u00edsima persona. Te deseo lo que mereces.<\/p>\n<cite>Helena Cabruja Mas\u00f3 <\/cite><\/blockquote>\n<\/div>\n\n\n\n<div class=\"wp-block-column is-layout-flow wp-block-column-is-layout-flow\" data-aos=\"fade-up\" data-aos-delay=\"200\" data-aos-duration=\"500\"><span class=\"mai-icon mai-icon-quote-left\" style=\"display:block;text-align:center;--icon-margin:0px 0px 0px 0px;--icon-padding:0px;--icon-size:40px;--icon-color:var(--color-primary);--icon-border-radius:var(--border-radius);\"><span class=\"mai-icon-wrap\"><svg xmlns=\"http:\/\/www.w3.org\/2000\/svg\" viewbox=\"0 0 512 512\" width=\"40\" height=\"40\"><!-- Font Awesome Pro 5.15.4 by @fontawesome - https:\/\/fontawesome.com License - https:\/\/fontawesome.com\/license (Commercial License) --><path d=\"M464 256h-80v-64c0-35.3 28.7-64 64-64h8c13.3 0 24-10.7 24-24V56c0-13.3-10.7-24-24-24h-8c-88.4 0-160 71.6-160 160v240c0 26.5 21.5 48 48 48h128c26.5 0 48-21.5 48-48V304c0-26.5-21.5-48-48-48zm-288 0H96v-64c0-35.3 28.7-64 64-64h8c13.3 0 24-10.7 24-24V56c0-13.3-10.7-24-24-24h-8C71.6 32 0 103.6 0 192v240c0 26.5 21.5 48 48 48h128c26.5 0 48-21.5 48-48V304c0-26.5-21.5-48-48-48z\"><\/path><\/svg><\/span><\/span>\n\n\n<blockquote class=\"wp-block-quote is-layout-flow wp-block-quote-is-layout-flow\">\n<p><em>Edgar es un fiscalista brillante con gran capacidad de trabajo, y mente abierta. En nuestras relaciones como colaboradores ha sabido encontrar siempre la mejor soluci\u00f3n para nuestros clientes. Un placer trabajar con \u00e9l.<\/em><\/p>\n<cite>Carmen Torralbo<\/cite><\/blockquote>\n<\/div>\n<\/div>\n<\/div><\/div>\n\n","protected":false},"excerpt":{"rendered":"<p>Modelos 303, 190, 390, 111\u2026 Si cada vez que ves estos n\u00fameros sientes escalofr\u00edos en la espalda, haz clic en el bot\u00f3n de abajo y descubre c\u00f3mo puedes dedicar tu talento a tus clientes y proyectos.<\/p>\n","protected":false},"author":4,"featured_media":1808,"parent":0,"menu_order":0,"comment_status":"closed","ping_status":"closed","template":"","meta":{"_acf_changed":false,"_gspb_post_css":"","_genesis_hide_title":false,"_genesis_hide_breadcrumbs":false,"_genesis_hide_singular_image":false,"_genesis_hide_footer_widgets":false,"_genesis_custom_body_class":"","_genesis_custom_post_class":"","_genesis_layout":"","footnotes":""},"class_list":{"1":"page","2":"type-page","6":"entry"},"yoast_head":"<!-- This site is optimized with the Yoast SEO plugin v26.1.1 - https:\/\/yoast.com\/wordpress\/plugins\/seo\/ -->\n<title>Asesor\u00eda aut\u00f3nomos y PYMES - Aemtia Assessors<\/title>\n<meta name=\"description\" content=\"Adaptamos nuestro asesoramiento para aut\u00f3nomos a cada bolsillo y situaci\u00f3n. Conf\u00eda en profesionales y inicia tu negocio con buen pie.\" \/>\n<meta name=\"robots\" content=\"index, follow, max-snippet:-1, max-image-preview:large, max-video-preview:-1\" \/>\n<link rel=\"canonical\" href=\"https:\/\/www.aemtia.com\/es\/autonomos\/\" \/>\n<meta property=\"og:locale\" content=\"es_ES\" \/>\n<meta property=\"og:type\" content=\"article\" \/>\n<meta property=\"og:title\" content=\"Asesor\u00eda aut\u00f3nomos y PYMES - Aemtia Assessors\" \/>\n<meta property=\"og:description\" content=\"Adaptamos nuestro asesoramiento para aut\u00f3nomos a cada bolsillo y situaci\u00f3n. Conf\u00eda en profesionales y inicia tu negocio con buen pie.\" \/>\n<meta property=\"og:url\" content=\"https:\/\/www.aemtia.com\/es\/autonomos\/\" \/>\n<meta property=\"og:site_name\" content=\"Aemtia Assessors\" \/>\n<meta property=\"article:modified_time\" content=\"2024-12-05T10:01:32+00:00\" \/>\n<meta property=\"og:image\" content=\"https:\/\/www.aemtia.com\/wp-content\/uploads\/2022\/05\/autonoms-vs-empreses_Mesa-de-trabajo-1.jpg\" \/>\n\t<meta property=\"og:image:width\" content=\"2250\" \/>\n\t<meta property=\"og:image:height\" content=\"2250\" \/>\n\t<meta property=\"og:image:type\" content=\"image\/jpeg\" \/>\n<meta name=\"twitter:card\" content=\"summary_large_image\" \/>\n<meta name=\"twitter:label1\" content=\"Tiempo de lectura\" \/>\n\t<meta name=\"twitter:data1\" content=\"5 minutos\" \/>\n<script type=\"application\/ld+json\" class=\"yoast-schema-graph\">{\"@context\":\"https:\/\/schema.org\",\"@graph\":[{\"@type\":\"WebPage\",\"@id\":\"https:\/\/www.aemtia.com\/es\/autonomos\/\",\"url\":\"https:\/\/www.aemtia.com\/es\/autonomos\/\",\"name\":\"Asesor\u00eda aut\u00f3nomos y PYMES - Aemtia Assessors\",\"isPartOf\":{\"@id\":\"https:\/\/www.aemtia.com\/#website\"},\"primaryImageOfPage\":{\"@id\":\"https:\/\/www.aemtia.com\/es\/autonomos\/#primaryimage\"},\"image\":{\"@id\":\"https:\/\/www.aemtia.com\/es\/autonomos\/#primaryimage\"},\"thumbnailUrl\":\"https:\/\/www.aemtia.com\/wp-content\/uploads\/2022\/05\/autonoms-vs-empreses_Mesa-de-trabajo-1.jpg\",\"datePublished\":\"2022-02-18T10:28:30+00:00\",\"dateModified\":\"2024-12-05T10:01:32+00:00\",\"description\":\"Adaptamos nuestro asesoramiento para aut\u00f3nomos a cada bolsillo y situaci\u00f3n. Conf\u00eda en profesionales y inicia tu negocio con buen pie.\",\"breadcrumb\":{\"@id\":\"https:\/\/www.aemtia.com\/es\/autonomos\/#breadcrumb\"},\"inLanguage\":\"es\",\"potentialAction\":[{\"@type\":\"ReadAction\",\"target\":[\"https:\/\/www.aemtia.com\/es\/autonomos\/\"]}]},{\"@type\":\"ImageObject\",\"inLanguage\":\"es\",\"@id\":\"https:\/\/www.aemtia.com\/es\/autonomos\/#primaryimage\",\"url\":\"https:\/\/www.aemtia.com\/wp-content\/uploads\/2022\/05\/autonoms-vs-empreses_Mesa-de-trabajo-1.jpg\",\"contentUrl\":\"https:\/\/www.aemtia.com\/wp-content\/uploads\/2022\/05\/autonoms-vs-empreses_Mesa-de-trabajo-1.jpg\",\"width\":2250,\"height\":2250},{\"@type\":\"BreadcrumbList\",\"@id\":\"https:\/\/www.aemtia.com\/es\/autonomos\/#breadcrumb\",\"itemListElement\":[{\"@type\":\"ListItem\",\"position\":1,\"name\":\"Inici\",\"item\":\"https:\/\/www.aemtia.com\/es\/\"},{\"@type\":\"ListItem\",\"position\":2,\"name\":\"Asesor\u00eda aut\u00f3nomos y PYMES\"}]},{\"@type\":\"WebSite\",\"@id\":\"https:\/\/www.aemtia.com\/#website\",\"url\":\"https:\/\/www.aemtia.com\/\",\"name\":\"Aemtia Assessors\",\"description\":\"Asesores en el \u00e1mbito empresarial, profesional y personal\",\"publisher\":{\"@id\":\"https:\/\/www.aemtia.com\/#organization\"},\"potentialAction\":[{\"@type\":\"SearchAction\",\"target\":{\"@type\":\"EntryPoint\",\"urlTemplate\":\"https:\/\/www.aemtia.com\/?s={search_term_string}\"},\"query-input\":{\"@type\":\"PropertyValueSpecification\",\"valueRequired\":true,\"valueName\":\"search_term_string\"}}],\"inLanguage\":\"es\"},{\"@type\":\"Organization\",\"@id\":\"https:\/\/www.aemtia.com\/#organization\",\"name\":\"Aemtia Assessors S.L.\",\"url\":\"https:\/\/www.aemtia.com\/\",\"logo\":{\"@type\":\"ImageObject\",\"inLanguage\":\"es\",\"@id\":\"https:\/\/www.aemtia.com\/#\/schema\/logo\/image\/\",\"url\":\"https:\/\/www.aemtia.com\/wp-content\/uploads\/2022\/04\/Paquet-logotips-AEMTIA_logo-web.png\",\"contentUrl\":\"https:\/\/www.aemtia.com\/wp-content\/uploads\/2022\/04\/Paquet-logotips-AEMTIA_logo-web.png\",\"width\":2000,\"height\":1000,\"caption\":\"Aemtia Assessors S.L.\"},\"image\":{\"@id\":\"https:\/\/www.aemtia.com\/#\/schema\/logo\/image\/\"}}]}<\/script>\n<!-- \/ Yoast SEO plugin. -->","yoast_head_json":{"title":"Asesor\u00eda aut\u00f3nomos y PYMES - Aemtia Assessors","description":"Adaptamos nuestro asesoramiento para aut\u00f3nomos a cada bolsillo y situaci\u00f3n. Conf\u00eda en profesionales y inicia tu negocio con buen pie.","robots":{"index":"index","follow":"follow","max-snippet":"max-snippet:-1","max-image-preview":"max-image-preview:large","max-video-preview":"max-video-preview:-1"},"canonical":"https:\/\/www.aemtia.com\/es\/autonomos\/","og_locale":"es_ES","og_type":"article","og_title":"Asesor\u00eda aut\u00f3nomos y PYMES - Aemtia Assessors","og_description":"Adaptamos nuestro asesoramiento para aut\u00f3nomos a cada bolsillo y situaci\u00f3n. Conf\u00eda en profesionales y inicia tu negocio con buen pie.","og_url":"https:\/\/www.aemtia.com\/es\/autonomos\/","og_site_name":"Aemtia Assessors","article_modified_time":"2024-12-05T10:01:32+00:00","og_image":[{"width":2250,"height":2250,"url":"https:\/\/www.aemtia.com\/wp-content\/uploads\/2022\/05\/autonoms-vs-empreses_Mesa-de-trabajo-1.jpg","type":"image\/jpeg"}],"twitter_card":"summary_large_image","twitter_misc":{"Tiempo de lectura":"5 minutos"},"schema":{"@context":"https:\/\/schema.org","@graph":[{"@type":"WebPage","@id":"https:\/\/www.aemtia.com\/es\/autonomos\/","url":"https:\/\/www.aemtia.com\/es\/autonomos\/","name":"Asesor\u00eda aut\u00f3nomos y PYMES - Aemtia Assessors","isPartOf":{"@id":"https:\/\/www.aemtia.com\/#website"},"primaryImageOfPage":{"@id":"https:\/\/www.aemtia.com\/es\/autonomos\/#primaryimage"},"image":{"@id":"https:\/\/www.aemtia.com\/es\/autonomos\/#primaryimage"},"thumbnailUrl":"https:\/\/www.aemtia.com\/wp-content\/uploads\/2022\/05\/autonoms-vs-empreses_Mesa-de-trabajo-1.jpg","datePublished":"2022-02-18T10:28:30+00:00","dateModified":"2024-12-05T10:01:32+00:00","description":"Adaptamos nuestro asesoramiento para aut\u00f3nomos a cada bolsillo y situaci\u00f3n. Conf\u00eda en profesionales y inicia tu negocio con buen pie.","breadcrumb":{"@id":"https:\/\/www.aemtia.com\/es\/autonomos\/#breadcrumb"},"inLanguage":"es","potentialAction":[{"@type":"ReadAction","target":["https:\/\/www.aemtia.com\/es\/autonomos\/"]}]},{"@type":"ImageObject","inLanguage":"es","@id":"https:\/\/www.aemtia.com\/es\/autonomos\/#primaryimage","url":"https:\/\/www.aemtia.com\/wp-content\/uploads\/2022\/05\/autonoms-vs-empreses_Mesa-de-trabajo-1.jpg","contentUrl":"https:\/\/www.aemtia.com\/wp-content\/uploads\/2022\/05\/autonoms-vs-empreses_Mesa-de-trabajo-1.jpg","width":2250,"height":2250},{"@type":"BreadcrumbList","@id":"https:\/\/www.aemtia.com\/es\/autonomos\/#breadcrumb","itemListElement":[{"@type":"ListItem","position":1,"name":"Inici","item":"https:\/\/www.aemtia.com\/es\/"},{"@type":"ListItem","position":2,"name":"Asesor\u00eda aut\u00f3nomos y PYMES"}]},{"@type":"WebSite","@id":"https:\/\/www.aemtia.com\/#website","url":"https:\/\/www.aemtia.com\/","name":"Aemtia Assessors","description":"Asesores en el \u00e1mbito empresarial, profesional y personal","publisher":{"@id":"https:\/\/www.aemtia.com\/#organization"},"potentialAction":[{"@type":"SearchAction","target":{"@type":"EntryPoint","urlTemplate":"https:\/\/www.aemtia.com\/?s={search_term_string}"},"query-input":{"@type":"PropertyValueSpecification","valueRequired":true,"valueName":"search_term_string"}}],"inLanguage":"es"},{"@type":"Organization","@id":"https:\/\/www.aemtia.com\/#organization","name":"Aemtia Assessors S.L.","url":"https:\/\/www.aemtia.com\/","logo":{"@type":"ImageObject","inLanguage":"es","@id":"https:\/\/www.aemtia.com\/#\/schema\/logo\/image\/","url":"https:\/\/www.aemtia.com\/wp-content\/uploads\/2022\/04\/Paquet-logotips-AEMTIA_logo-web.png","contentUrl":"https:\/\/www.aemtia.com\/wp-content\/uploads\/2022\/04\/Paquet-logotips-AEMTIA_logo-web.png","width":2000,"height":1000,"caption":"Aemtia Assessors S.L."},"image":{"@id":"https:\/\/www.aemtia.com\/#\/schema\/logo\/image\/"}}]}},"acf":[],"_links":{"self":[{"href":"https:\/\/www.aemtia.com\/es\/wp-json\/wp\/v2\/pages\/2170","targetHints":{"allow":["GET"]}}],"collection":[{"href":"https:\/\/www.aemtia.com\/es\/wp-json\/wp\/v2\/pages"}],"about":[{"href":"https:\/\/www.aemtia.com\/es\/wp-json\/wp\/v2\/types\/page"}],"author":[{"embeddable":true,"href":"https:\/\/www.aemtia.com\/es\/wp-json\/wp\/v2\/users\/4"}],"replies":[{"embeddable":true,"href":"https:\/\/www.aemtia.com\/es\/wp-json\/wp\/v2\/comments?post=2170"}],"version-history":[{"count":62,"href":"https:\/\/www.aemtia.com\/es\/wp-json\/wp\/v2\/pages\/2170\/revisions"}],"predecessor-version":[{"id":12088,"href":"https:\/\/www.aemtia.com\/es\/wp-json\/wp\/v2\/pages\/2170\/revisions\/12088"}],"wp:featuredmedia":[{"embeddable":true,"href":"https:\/\/www.aemtia.com\/es\/wp-json\/wp\/v2\/media\/1808"}],"wp:attachment":[{"href":"https:\/\/www.aemtia.com\/es\/wp-json\/wp\/v2\/media?parent=2170"}],"curies":[{"name":"wp","href":"https:\/\/api.w.org\/{rel}","templated":true}]}}